{"id":8579,"date":"2024-09-20T12:45:24","date_gmt":"2024-09-20T12:45:24","guid":{"rendered":"https:\/\/innerwisdom-academy.com\/formacion\/"},"modified":"2026-01-15T15:52:28","modified_gmt":"2026-01-15T15:52:28","slug":"formacion","status":"publish","type":"page","link":"https:\/\/innerwisdom-academy.com\/es\/formacion\/","title":{"rendered":"Formaci\u00f3n"},"content":{"rendered":"\t\t<div data-elementor-type=\"wp-page\" data-elementor-id=\"8579\" class=\"elementor elementor-8579 elementor-6233\">\n\t\t\t\t<div class=\"elementor-element elementor-element-b0c071e e-flex e-con-boxed e-con e-parent\" data-id=\"b0c071e\" data-element_type=\"container\" data-settings=\"{&quot;background_background&quot;:&quot;classic&quot;}\">\n\t\t\t\t\t<div class=\"e-con-inner\">\n\t\t\t\t<div class=\"elementor-element elementor-element-84e7e84 elementor-widget elementor-widget-heading\" data-id=\"84e7e84\" data-element_type=\"widget\" data-widget_type=\"heading.default\">\n\t\t\t\t<div class=\"elementor-widget-container\">\n\t\t\t\t\t<h1 class=\"elementor-heading-title elementor-size-default\">Nuestra oferta<\/h1>\t\t\t\t<\/div>\n\t\t\t\t<\/div>\n\t\t\t\t\t<\/div>\n\t\t\t\t<\/div>\n\t\t<div class=\"elementor-element elementor-element-546be4a e-flex e-con-boxed e-con e-parent\" data-id=\"546be4a\" data-element_type=\"container\">\n\t\t\t\t\t<div class=\"e-con-inner\">\n\t\t\t\t<div class=\"elementor-element elementor-element-7bcba90 elementor-widget elementor-widget-heading\" data-id=\"7bcba90\" data-element_type=\"widget\" data-widget_type=\"heading.default\">\n\t\t\t\t<div class=\"elementor-widget-container\">\n\t\t\t\t\t<h2 class=\"elementor-heading-title elementor-size-default\">Formaci\u00f3n de Facilitadores de Inner Wisdom Academy<\/h2>\t\t\t\t<\/div>\n\t\t\t\t<\/div>\n\t\t\t\t<div class=\"elementor-element elementor-element-701df51 elementor-widget-divider--view-line elementor-widget elementor-widget-divider\" data-id=\"701df51\" data-element_type=\"widget\" data-widget_type=\"divider.default\">\n\t\t\t\t<div class=\"elementor-widget-container\">\n\t\t\t\t\t\t\t<div class=\"elementor-divider\">\n\t\t\t<span class=\"elementor-divider-separator\">\n\t\t\t\t\t\t<\/span>\n\t\t<\/div>\n\t\t\t\t\t\t<\/div>\n\t\t\t\t<\/div>\n\t\t\t\t<div class=\"elementor-element elementor-element-f5bcaf8 elementor-widget__width-initial elementor-widget elementor-widget-text-editor\" data-id=\"f5bcaf8\" data-element_type=\"widget\" data-widget_type=\"text-editor.default\">\n\t\t\t\t<div class=\"elementor-widget-container\">\n\t\t\t\t\t\t\t\t\t<h5><strong><span style=\"vertical-align: inherit;\"><span style=\"vertical-align: inherit;\">\u00bfQu\u00e9 te espera en el seminario b\u00e1sico?<\/span><\/span><\/strong><\/h5><ul><li>Este seminario permite una profunda transformaci\u00f3n personal y te lleva a ser una persona equilibrada y aut\u00e9ntica.<\/li><li>Obtendr\u00e1s acceso a tu sabidur\u00eda curativa interna m\u00e1s profunda y aprender\u00e1s a actuar con el coraz\u00f3n y la intuici\u00f3n.<\/li><li>Fomenta la alineaci\u00f3n e integraci\u00f3n de todos los aspectos de tu ser y promueve la coherencia, el equilibrio y la armon\u00eda palpables en tu vida diaria.<\/li><li>Desarrollar\u00e1s la capacidad de dominar tanto los altibajos de tu viaje vital con confianza y serenidad.<\/li><li>Adquirir\u00e1s amplios conocimientos en el trabajo energ\u00e9tico.<\/li><li>Aprender\u00e1s una variedad de t\u00e9cnicas y recibir\u00e1s herramientas para desarrollar todo tu potencial y apoyar a otros en su camino.<\/li><\/ul>\t\t\t\t\t\t\t\t<\/div>\n\t\t\t\t<\/div>\n\t\t\t\t\t<\/div>\n\t\t\t\t<\/div>\n\t\t<div class=\"elementor-element elementor-element-5c870a7 e-grid e-con-boxed e-con e-parent\" data-id=\"5c870a7\" data-element_type=\"container\">\n\t\t\t\t\t<div class=\"e-con-inner\">\n\t\t<div class=\"elementor-element elementor-element-69e7d6e e-con-full e-flex e-con e-child\" data-id=\"69e7d6e\" data-element_type=\"container\">\n\t\t\t\t<div class=\"elementor-element elementor-element-3f12e93 elementor-widget elementor-widget-heading\" data-id=\"3f12e93\" data-element_type=\"widget\" data-widget_type=\"heading.default\">\n\t\t\t\t<div class=\"elementor-widget-container\">\n\t\t\t\t\t<h4 class=\"elementor-heading-title elementor-size-default\">Formaci\u00f3n presencial: experiencia vivida, conocimiento encarnado: <\/h4>\t\t\t\t<\/div>\n\t\t\t\t<\/div>\n\t\t\t\t<div class=\"elementor-element elementor-element-56d6fb8 elementor-widget elementor-widget-text-editor\" data-id=\"56d6fb8\" data-element_type=\"widget\" data-widget_type=\"text-editor.default\">\n\t\t\t\t<div class=\"elementor-widget-container\">\n\t\t\t\t\t\t\t\t\t<p data-start=\"53\" data-end=\"466\">La formaci\u00f3n presencial constituye el coraz\u00f3n de nuestra capacitaci\u00f3n. Aqu\u00ed el conocimiento no solo se transmite, sino que se encarna, se experimenta y se integra. En un espacio protegido, profundizar\u00e1s tu percepci\u00f3n y desarrollar\u00e1s la capacidad de sostener espacios de conciencia y sanaci\u00f3n de manera segura, tanto para ti como para otros.<\/p><p data-start=\"468\" data-end=\"514\"><strong data-start=\"468\" data-end=\"512\">Enfoques de los seminarios presenciales:<\/strong><\/p><p data-start=\"516\" data-end=\"769\"><strong data-start=\"516\" data-end=\"550\">Sesiones diarias de innerdance<\/strong><br data-start=\"550\" data-end=\"553\" \/>Pr\u00e1ctica continua de innerdance como base energ\u00e9tica y neuronal de la formaci\u00f3n. Favorece la autorregulaci\u00f3n, la presencia, la flexibilidad del sistema nervioso y accesos estables a estados ampliados de conciencia.<\/p><p data-start=\"771\" data-end=\"1007\"><strong data-start=\"771\" data-end=\"813\">Trabajo cham\u00e1nico y viajes de sanaci\u00f3n<\/strong><br data-start=\"813\" data-end=\"816\" \/>Conexi\u00f3n con gu\u00edas espirituales y animales de poder, m\u00e9todos de diagn\u00f3stico cham\u00e1nico y viajes de sanaci\u00f3n guiados conscientemente para fortalecer la percepci\u00f3n intuitiva y la gu\u00eda interna.<\/p><p data-start=\"1009\" data-end=\"1293\"><strong data-start=\"1009\" data-end=\"1038\">Somatic Inner Shift (SIS)<\/strong><br data-start=\"1038\" data-end=\"1041\" \/>Trabajo corporal orientado a percibir y transformar patrones internos de tensi\u00f3n y protecci\u00f3n. Entrenamiento de la inteligencia som\u00e1tica y anclaje de seguridad y coherencia en el sistema nervioso, como base para sostener espacios sensibles al trauma.<\/p><p data-start=\"1295\" data-end=\"1565\"><strong data-start=\"1295\" data-end=\"1348\">Dynamic &amp; Hypno-Breathing, respiraci\u00f3n Rebirthing<\/strong><br data-start=\"1348\" data-end=\"1351\" \/>Trabajo con la respiraci\u00f3n como puente entre cuerpo, sistema nervioso y conciencia. Permite liberar bloqueos emocionales, profundizar estados de trance y regular de manera sostenible el sistema nervioso aut\u00f3nomo.<\/p><p data-start=\"1567\" data-end=\"1818\"><strong data-start=\"1567\" data-end=\"1616\">Desarrollo de sensibilidad y tacto energ\u00e9tico<\/strong><br data-start=\"1616\" data-end=\"1619\" \/>Desarrollo de habilidades finas de percepci\u00f3n de campos energ\u00e9ticos, movimientos internos y procesos sutiles en el espacio, base para un trabajo energ\u00e9tico seguro y una presencia clara y arraigada.<\/p><p data-start=\"1820\" data-end=\"2104\"><strong data-start=\"1820\" data-end=\"1873\">Pr\u00e1ctica intensiva en parejas y grupos de trabajo<\/strong><br data-start=\"1873\" data-end=\"1876\" \/>Trabajo pr\u00e1ctico aut\u00f3nomo en parejas y peque\u00f1os grupos. Todas las \u00e1reas centrales de la formaci\u00f3n se practican intensamente: innerdance, respiraci\u00f3n, procesos som\u00e1ticos, percepci\u00f3n energ\u00e9tica, sost\u00e9n del espacio e integraci\u00f3n.<\/p><p data-start=\"2106\" data-end=\"2446\"><strong data-start=\"2106\" data-end=\"2182\">Sostener el espacio: el arte de abrir espacios de transformaci\u00f3n seguros<\/strong><br data-start=\"2182\" data-end=\"2185\" \/>Entrenamiento de la capacidad de percibir simult\u00e1neamente procesos energ\u00e9ticos, emocionales y neuronales, manteniendo un marco claro y seguro. Enfoque en presencia, autorregulaci\u00f3n, co-regulaci\u00f3n y postura interna responsable para una transformaci\u00f3n duradera.<\/p><p data-start=\"2448\" data-end=\"2587\"><strong data-start=\"2448\" data-end=\"2516\">Teor\u00eda y conocimientos de base: el fundamento de nuestro trabajo<\/strong><br data-start=\"2516\" data-end=\"2519\" \/>Profundizaci\u00f3n te\u00f3rica de todos los m\u00e9todos pr\u00e1cticos, incluyendo:<\/p><ul><li data-start=\"2590\" data-end=\"2664\">Trabajo energ\u00e9tico desde perspectivas espiritual, filos\u00f3fica e hist\u00f3rica<\/li><li data-start=\"2590\" data-end=\"2664\">Procesos neurobiol\u00f3gicos de regulaci\u00f3n, plasticidad e integraci\u00f3n<\/li><li data-start=\"2590\" data-end=\"2664\">Sistema nervioso aut\u00f3nomo, auto- y co-regulaci\u00f3n, circuitos corticales y endocrinos<\/li><li data-start=\"2590\" data-end=\"2664\">Efectos de la m\u00fasica, frecuencia y ritmo sobre el cerebro y el sistema nervioso<\/li><li data-start=\"2590\" data-end=\"2664\">Lenguaje de la luz como nivel de expresi\u00f3n e informaci\u00f3n no lineal<\/li><li data-start=\"2590\" data-end=\"2664\">Creaci\u00f3n de playlists: construcci\u00f3n de listas de reproducci\u00f3n complejas, selecci\u00f3n consciente de m\u00fasica y aplicaci\u00f3n pr\u00e1ctica con la app Mix Pad. M\u00e1s de 20 listas de reproducci\u00f3n listas para usar est\u00e1n disponibles.<\/li><li style=\"list-style-type: none;\">\u00a0<\/li><\/ul>\t\t\t\t\t\t\t\t<\/div>\n\t\t\t\t<\/div>\n\t\t\t\t<\/div>\n\t\t<div class=\"elementor-element elementor-element-c545e4c e-con-full e-flex e-con e-child\" data-id=\"c545e4c\" data-element_type=\"container\">\n\t\t\t\t<div class=\"elementor-element elementor-element-5e6bd95 elementor-widget elementor-widget-heading\" data-id=\"5e6bd95\" data-element_type=\"widget\" data-widget_type=\"heading.default\">\n\t\t\t\t<div class=\"elementor-widget-container\">\n\t\t\t\t\t<h4 class=\"elementor-heading-title elementor-size-default\">Acompa\u00f1amiento online de 3 meses: integraci\u00f3n, teor\u00eda y profundizaci\u00f3n:<\/h4>\t\t\t\t<\/div>\n\t\t\t\t<\/div>\n\t\t\t\t<div class=\"elementor-element elementor-element-d48b330 elementor-widget elementor-widget-text-editor\" data-id=\"d48b330\" data-element_type=\"widget\" data-widget_type=\"text-editor.default\">\n\t\t\t\t<div class=\"elementor-widget-container\">\n\t\t\t\t\t\t\t\t\t<p data-start=\"53\" data-end=\"476\">Los m\u00f3dulos online acompa\u00f1an y profundizan los seminarios presenciales durante tres meses. Ofrecen un espacio para fundamentaci\u00f3n te\u00f3rica, pr\u00e1ctica continua, reflexi\u00f3n e integraci\u00f3n duradera en la vida diaria y en la propia pr\u00e1ctica profesional, as\u00ed como para el intercambio acompa\u00f1ante, supervisi\u00f3n y profundizaci\u00f3n progresiva de los procesos.<\/p><p data-start=\"478\" data-end=\"520\"><strong data-start=\"478\" data-end=\"518\">Contenido del acompa\u00f1amiento online:<\/strong><\/p><p data-start=\"522\" data-end=\"797\"><strong data-start=\"522\" data-end=\"576\">5 sesiones en vivo por Zoom con innerdance online:<\/strong><br data-start=\"576\" data-end=\"579\" \/>Cada sesi\u00f3n incluye una pr\u00e1ctica completa de innerdance guiada online para profundizar la propia pr\u00e1ctica, estabilizar procesos energ\u00e9ticos y neuronales, y entrenar la presencia y la percepci\u00f3n en el espacio virtual.<\/p><p data-start=\"799\" data-end=\"987\"><strong data-start=\"799\" data-end=\"844\">Preguntas y respuestas desde la pr\u00e1ctica:<\/strong><br data-start=\"844\" data-end=\"847\" \/>Espacio para preguntas concretas sobre la propia pr\u00e1ctica, reflexi\u00f3n de experiencias y conexi\u00f3n continua entre teor\u00eda y aplicaci\u00f3n vivida.<\/p><p data-start=\"989\" data-end=\"1186\"><strong data-start=\"989\" data-end=\"1005\">Supervisi\u00f3n:<\/strong><br data-start=\"1005\" data-end=\"1008\" \/>Acompa\u00f1amiento profesional en situaciones reales con enfoque en sostener el espacio, postura, autorreflexi\u00f3n, l\u00edmites, responsabilidad y orientaci\u00f3n interna como facilitador\/a.<\/p><p data-start=\"1188\" data-end=\"1360\"><strong data-start=\"1188\" data-end=\"1245\">Comunidad acompa\u00f1ante \u2013 Grupo de soporte en WhatsApp:<\/strong><br data-start=\"1245\" data-end=\"1248\" \/>Comunidad cerrada para intercambio, integraci\u00f3n, preguntas y aprendizaje colectivo entre las sesiones en vivo.<\/p>\t\t\t\t\t\t\t\t<\/div>\n\t\t\t\t<\/div>\n\t\t\t\t<\/div>\n\t\t\t\t\t<\/div>\n\t\t\t\t<\/div>\n\t\t<div class=\"elementor-element elementor-element-5c3b7cf e-flex e-con-boxed e-con e-parent\" data-id=\"5c3b7cf\" data-element_type=\"container\">\n\t\t\t\t\t<div class=\"e-con-inner\">\n\t\t\t\t<div class=\"elementor-element elementor-element-2ffbbb6 elementor-widget elementor-widget-heading\" data-id=\"2ffbbb6\" data-element_type=\"widget\" data-widget_type=\"heading.default\">\n\t\t\t\t<div class=\"elementor-widget-container\">\n\t\t\t\t\t<h2 class=\"elementor-heading-title elementor-size-default\">Integraci\u00f3n, conexi\u00f3n y pr\u00e1ctica colectiva<\/h2>\t\t\t\t<\/div>\n\t\t\t\t<\/div>\n\t\t\t\t\t<\/div>\n\t\t\t\t<\/div>\n\t\t<div class=\"elementor-element elementor-element-36359bb e-flex e-con-boxed e-con e-parent\" data-id=\"36359bb\" data-element_type=\"container\">\n\t\t\t\t\t<div class=\"e-con-inner\">\n\t\t\t\t<div class=\"elementor-element elementor-element-f9ec71d elementor-widget elementor-widget-text-editor\" data-id=\"f9ec71d\" data-element_type=\"widget\" data-widget_type=\"text-editor.default\">\n\t\t\t\t<div class=\"elementor-widget-container\">\n\t\t\t\t\t\t\t\t\t<p data-start=\"60\" data-end=\"352\">Nuestro acompa\u00f1amiento no termina con la finalizaci\u00f3n de la formaci\u00f3n. Entendemos la capacitaci\u00f3n como un camino continuo, sostenido por supervisi\u00f3n constante, formatos de preguntas y respuestas orientados a la pr\u00e1ctica y una comunidad viva.<\/p><p data-start=\"354\" data-end=\"744\">Un componente central son las <strong data-start=\"384\" data-end=\"443\">sesiones mensuales internacionales de innerdance online<\/strong>. Te permiten participar en diferentes campos, estilos y frecuencias, ampliando tu propia experiencia as\u00ed como la conexi\u00f3n colectiva. Esta pr\u00e1ctica continua no solo profundiza tu vivencia, sino que tambi\u00e9n genera seguridad, claridad y una postura interna responsable al acompa\u00f1ar procesos profundos.<\/p>\t\t\t\t\t\t\t\t<\/div>\n\t\t\t\t<\/div>\n\t\t\t\t\t<\/div>\n\t\t\t\t<\/div>\n\t\t<div class=\"elementor-element elementor-element-fb66d8b e-flex e-con-boxed e-con e-parent\" data-id=\"fb66d8b\" data-element_type=\"container\" data-settings=\"{&quot;background_background&quot;:&quot;classic&quot;}\">\n\t\t\t\t\t<div class=\"e-con-inner\">\n\t\t\t\t<div class=\"elementor-element elementor-element-46447e3 elementor-widget elementor-widget-heading\" data-id=\"46447e3\" data-element_type=\"widget\" data-widget_type=\"heading.default\">\n\t\t\t\t<div class=\"elementor-widget-container\">\n\t\t\t\t\t<h2 class=\"elementor-heading-title elementor-size-default\">\u00bfD\u00f3nde y cu\u00e1ndo tienen lugar los seminarios de Inner Wisdom Academy?<\/h2>\t\t\t\t<\/div>\n\t\t\t\t<\/div>\n\t\t\t\t<div class=\"elementor-element elementor-element-1141575 elementor-widget-divider--view-line elementor-widget elementor-widget-divider\" data-id=\"1141575\" data-element_type=\"widget\" data-widget_type=\"divider.default\">\n\t\t\t\t<div class=\"elementor-widget-container\">\n\t\t\t\t\t\t\t<div class=\"elementor-divider\">\n\t\t\t<span class=\"elementor-divider-separator\">\n\t\t\t\t\t\t<\/span>\n\t\t<\/div>\n\t\t\t\t\t\t<\/div>\n\t\t\t\t<\/div>\n\t\t\t\t<div class=\"elementor-element elementor-element-357d0ec elementor-widget__width-initial elementor-widget elementor-widget-text-editor\" data-id=\"357d0ec\" data-element_type=\"widget\" data-widget_type=\"text-editor.default\">\n\t\t\t\t<div class=\"elementor-widget-container\">\n\t\t\t\t\t\t\t\t\t<p>Para los seminarios presenciales, siempre buscamos lugares que sean un refugio sostenible y ecol\u00f3gico en armon\u00eda con la naturaleza y que nos mimen con una pensi\u00f3n completa vegetariana\/vegana. El alojamiento se realiza en habitaciones individuales y dobles, no es obligatorio y, por lo tanto, al igual que el viaje, corre a cargo de cada uno. <\/p>\t\t\t\t\t\t\t\t<\/div>\n\t\t\t\t<\/div>\n\t\t<div class=\"elementor-element elementor-element-90e00a1 e-con-full e-grid e-con e-child\" data-id=\"90e00a1\" data-element_type=\"container\" data-settings=\"{&quot;background_background&quot;:&quot;classic&quot;}\">\n\t\t\t\t<div class=\"elementor-element elementor-element-0dff80e elementor-widget__width-initial elementor-widget elementor-widget-heading\" data-id=\"0dff80e\" data-element_type=\"widget\" data-widget_type=\"heading.default\">\n\t\t\t\t<div class=\"elementor-widget-container\">\n\t\t\t\t\t<h4 class=\"elementor-heading-title elementor-size-default\">Seminario presencial de 6 d\u00edas\n&amp; 5 m\u00f3dulos online con sesiones de innerdance <\/h4>\t\t\t\t<\/div>\n\t\t\t\t<\/div>\n\t\t\t\t<div class=\"elementor-element elementor-element-27edb17 elementor-widget__width-initial elementor-widget elementor-widget-text-editor\" data-id=\"27edb17\" data-element_type=\"widget\" data-widget_type=\"text-editor.default\">\n\t\t\t\t<div class=\"elementor-widget-container\">\n\t\t\t\t\t\t\t\t\t<p>S\u00e1bado, 11.10.2025 &#8211; Jueves, 16.10.2025<\/p>\t\t\t\t\t\t\t\t<\/div>\n\t\t\t\t<\/div>\n\t\t\t\t<div class=\"elementor-element elementor-element-7190055 elementor-widget elementor-widget-text-editor\" data-id=\"7190055\" data-element_type=\"widget\" data-widget_type=\"text-editor.default\">\n\t\t\t\t<div class=\"elementor-widget-container\">\n\t\t\t\t\t\t\t\t\t<p><a href=\"https:\/\/esclotdenfont.my.canva.site\/sanctuary-of-art-and-nutrition\">Seminarhaus Es Clot d&#8217;en Font<\/a><br>Mallorca, Espa\u00f1a<\/p>\t\t\t\t\t\t\t\t<\/div>\n\t\t\t\t<\/div>\n\t\t\t\t<div class=\"elementor-element elementor-element-bced48c elementor-widget elementor-widget-text-editor\" data-id=\"bced48c\" data-element_type=\"widget\" data-widget_type=\"text-editor.default\">\n\t\t\t\t<div class=\"elementor-widget-container\">\n\t\t\t\t\t\t\t\t\t<p>Fechas de los 5 seminarios online con sesi\u00f3n de innerdance: <\/p>\t\t\t\t\t\t\t\t<\/div>\n\t\t\t\t<\/div>\n\t\t\t\t<div class=\"elementor-element elementor-element-5b1c559 elementor-widget elementor-widget-text-editor\" data-id=\"5b1c559\" data-element_type=\"widget\" data-widget_type=\"text-editor.default\">\n\t\t\t\t<div class=\"elementor-widget-container\">\n\t\t\t\t\t\t\t\t\t<p>19:00 &#8211; 22:00<br>23.10., 06.11., 20.11., 04.12., 18.12<\/p>\t\t\t\t\t\t\t\t<\/div>\n\t\t\t\t<\/div>\n\t\t\t\t<\/div>\n\t\t<div class=\"elementor-element elementor-element-d022859 e-con-full e-grid e-con e-child\" data-id=\"d022859\" data-element_type=\"container\" data-settings=\"{&quot;background_background&quot;:&quot;classic&quot;}\">\n\t\t\t\t<div class=\"elementor-element elementor-element-de91a94 elementor-widget__width-initial elementor-widget elementor-widget-heading\" data-id=\"de91a94\" data-element_type=\"widget\" data-widget_type=\"heading.default\">\n\t\t\t\t<div class=\"elementor-widget-container\">\n\t\t\t\t\t<h4 class=\"elementor-heading-title elementor-size-default\">Seminario presencial de 6 d\u00edas \n&amp; 5 m\u00f3dulos online con sesiones de innerdance <\/h4>\t\t\t\t<\/div>\n\t\t\t\t<\/div>\n\t\t\t\t<div class=\"elementor-element elementor-element-322f887 elementor-widget__width-initial elementor-widget elementor-widget-text-editor\" data-id=\"322f887\" data-element_type=\"widget\" data-widget_type=\"text-editor.default\">\n\t\t\t\t<div class=\"elementor-widget-container\">\n\t\t\t\t\t\t\t\t\t<p>Domingo, 01.02.2026 &#8211; S\u00e1bado 06.02.2026<\/p>\t\t\t\t\t\t\t\t<\/div>\n\t\t\t\t<\/div>\n\t\t\t\t<div class=\"elementor-element elementor-element-d515e5b elementor-widget elementor-widget-text-editor\" data-id=\"d515e5b\" data-element_type=\"widget\" data-widget_type=\"text-editor.default\">\n\t\t\t\t<div class=\"elementor-widget-container\">\n\t\t\t\t\t\t\t\t\t<p><a href=\"https:\/\/www.gaestehaus-seebeck.de\/\">Vielitzsee Ort Seebeck bei Berl\u00edn, Alemania<\/a><\/p>\t\t\t\t\t\t\t\t<\/div>\n\t\t\t\t<\/div>\n\t\t\t\t<div class=\"elementor-element elementor-element-d367e0b elementor-widget elementor-widget-text-editor\" data-id=\"d367e0b\" data-element_type=\"widget\" data-widget_type=\"text-editor.default\">\n\t\t\t\t<div class=\"elementor-widget-container\">\n\t\t\t\t\t\t\t\t\t<p>Fechas de los 5 seminarios online con sesi\u00f3n de innerdance: <\/p>\t\t\t\t\t\t\t\t<\/div>\n\t\t\t\t<\/div>\n\t\t\t\t<div class=\"elementor-element elementor-element-d5418ba elementor-widget elementor-widget-text-editor\" data-id=\"d5418ba\" data-element_type=\"widget\" data-widget_type=\"text-editor.default\">\n\t\t\t\t<div class=\"elementor-widget-container\">\n\t\t\t\t\t\t\t\t\t<p>19:00 &#8211; 22:00<br>19.02., 05.03., 19.03., 02.04., 16.04.2026<br><br><\/p>\t\t\t\t\t\t\t\t<\/div>\n\t\t\t\t<\/div>\n\t\t\t\t<\/div>\n\t\t<div class=\"elementor-element elementor-element-be08c51 e-con-full e-grid e-con e-child\" data-id=\"be08c51\" data-element_type=\"container\" data-settings=\"{&quot;background_background&quot;:&quot;classic&quot;}\">\n\t\t\t\t<div class=\"elementor-element elementor-element-c86ebbe elementor-widget__width-initial elementor-widget elementor-widget-heading\" data-id=\"c86ebbe\" data-element_type=\"widget\" data-widget_type=\"heading.default\">\n\t\t\t\t<div class=\"elementor-widget-container\">\n\t\t\t\t\t<h4 class=\"elementor-heading-title elementor-size-default\">Seminario presencial de 6 d\u00edas &amp; 5 m\u00f3dulos online con sesiones de innerdance <\/h4>\t\t\t\t<\/div>\n\t\t\t\t<\/div>\n\t\t\t\t<div class=\"elementor-element elementor-element-923959c elementor-widget__width-initial elementor-widget elementor-widget-text-editor\" data-id=\"923959c\" data-element_type=\"widget\" data-widget_type=\"text-editor.default\">\n\t\t\t\t<div class=\"elementor-widget-container\">\n\t\t\t\t\t\t\t\t\t<p>Lunes, 10.08.2026 &#8211; Domingo, 16.08.2026<\/p>\t\t\t\t\t\t\t\t<\/div>\n\t\t\t\t<\/div>\n\t\t\t\t<div class=\"elementor-element elementor-element-5f392b7 elementor-widget elementor-widget-text-editor\" data-id=\"5f392b7\" data-element_type=\"widget\" data-widget_type=\"text-editor.default\">\n\t\t\t\t<div class=\"elementor-widget-container\">\n\t\t\t\t\t\t\t\t\t<p><a href=\"https:\/\/duebbekold.de\/\">Seminarhaus D\u00fcbbekold, G\u00f6rde, Alemania<\/a><\/p>\t\t\t\t\t\t\t\t<\/div>\n\t\t\t\t<\/div>\n\t\t\t\t<div class=\"elementor-element elementor-element-1ec0269 elementor-widget elementor-widget-text-editor\" data-id=\"1ec0269\" data-element_type=\"widget\" data-widget_type=\"text-editor.default\">\n\t\t\t\t<div class=\"elementor-widget-container\">\n\t\t\t\t\t\t\t\t\t<p>Fechas de los 5 seminarios online con sesi\u00f3n de innerdance: <\/p>\t\t\t\t\t\t\t\t<\/div>\n\t\t\t\t<\/div>\n\t\t\t\t<div class=\"elementor-element elementor-element-7b79727 elementor-widget elementor-widget-text-editor\" data-id=\"7b79727\" data-element_type=\"widget\" data-widget_type=\"text-editor.default\">\n\t\t\t\t<div class=\"elementor-widget-container\">\n\t\t\t\t\t\t\t\t\t<p>19:00 &#8211; 22:00<br>27.08., 10.09., 24.09., 08.10., 22.10.2026<\/p>\t\t\t\t\t\t\t\t<\/div>\n\t\t\t\t<\/div>\n\t\t\t\t<\/div>\n\t\t\t\t\t<\/div>\n\t\t\t\t<\/div>\n\t\t<div class=\"elementor-element elementor-element-c967ebf e-flex e-con-boxed e-con e-parent\" data-id=\"c967ebf\" data-element_type=\"container\">\n\t\t\t\t\t<div class=\"e-con-inner\">\n\t\t\t\t<div class=\"elementor-element elementor-element-9deb093 elementor-widget elementor-widget-heading\" data-id=\"9deb093\" data-element_type=\"widget\" data-widget_type=\"heading.default\">\n\t\t\t\t<div class=\"elementor-widget-container\">\n\t\t\t\t\t<h2 class=\"elementor-heading-title elementor-size-default\">Cuota del seminario &amp; Membres\u00eda anual<\/h2>\t\t\t\t<\/div>\n\t\t\t\t<\/div>\n\t\t\t\t<div class=\"elementor-element elementor-element-e67bb9b elementor-widget-divider--view-line elementor-widget elementor-widget-divider\" data-id=\"e67bb9b\" data-element_type=\"widget\" data-widget_type=\"divider.default\">\n\t\t\t\t<div class=\"elementor-widget-container\">\n\t\t\t\t\t\t\t<div class=\"elementor-divider\">\n\t\t\t<span class=\"elementor-divider-separator\">\n\t\t\t\t\t\t<\/span>\n\t\t<\/div>\n\t\t\t\t\t\t<\/div>\n\t\t\t\t<\/div>\n\t\t<div class=\"elementor-element elementor-element-b652a2c e-grid e-con-full e-con e-child\" data-id=\"b652a2c\" data-element_type=\"container\">\n\t\t\t\t<div class=\"elementor-element elementor-element-1be4be6 elementor-widget elementor-widget-text-editor\" data-id=\"1be4be6\" data-element_type=\"widget\" data-widget_type=\"text-editor.default\">\n\t\t\t\t<div class=\"elementor-widget-container\">\n\t\t\t\t\t\t\t\t\t<p>Cuota del seminario b\u00e1sico: Si nuestro trabajo resuena contigo y deseas saber m\u00e1s sobre el intercambio energ\u00e9tico, te invitamos cordialmente a ponerte en contacto con nosotros directamente. Juntos encontraremos el camino m\u00e1s adecuado para ti para entrar en este espacio de sanaci\u00f3n, crecimiento y trabajo energ\u00e9tico.<\/p>\t\t\t\t\t\t\t\t<\/div>\n\t\t\t\t<\/div>\n\t\t\t\t<div class=\"elementor-element elementor-element-1aee2ec elementor-widget elementor-widget-text-editor\" data-id=\"1aee2ec\" data-element_type=\"widget\" data-widget_type=\"text-editor.default\">\n\t\t\t\t<div class=\"elementor-widget-container\">\n\t\t\t\t\t\t\t\t\t<p>Membres\u00eda anual: La membres\u00eda anual incluye el acceso mensual a nuestras sesiones online con facilitadores internacionales, la publicaci\u00f3n de tu biograf\u00eda en nuestra p\u00e1gina web como facilitador\/a formado\/a, as\u00ed como el acceso a nuevas playlists y a otra informaci\u00f3n. Tiene un coste de 10 \u20ac anuales.<\/p>\t\t\t\t\t\t\t\t<\/div>\n\t\t\t\t<\/div>\n\t\t\t\t<\/div>\n\t\t\t\t\t<\/div>\n\t\t\t\t<\/div>\n\t\t<div class=\"elementor-element elementor-element-a73e48f e-con-full e-flex e-con e-child\" data-id=\"a73e48f\" data-element_type=\"container\" data-settings=\"{&quot;background_background&quot;:&quot;classic&quot;}\">\n\t\t\t\t<div class=\"elementor-element elementor-element-bedc610 elementor-widget elementor-widget-heading\" data-id=\"bedc610\" data-element_type=\"widget\" data-widget_type=\"heading.default\">\n\t\t\t\t<div class=\"elementor-widget-container\">\n\t\t\t\t\t<h2 class=\"elementor-heading-title elementor-size-default\">Fomentar el compromiso juntos<\/h2>\t\t\t\t<\/div>\n\t\t\t\t<\/div>\n\t\t\t\t<div class=\"elementor-element elementor-element-4646220 elementor-widget elementor-widget-text-editor\" data-id=\"4646220\" data-element_type=\"widget\" data-widget_type=\"text-editor.default\">\n\t\t\t\t<div class=\"elementor-widget-container\">\n\t\t\t\t\t\t\t\t\t<p><span style=\"vertical-align: inherit;\"><span style=\"vertical-align: inherit;\"><span style=\"vertical-align: inherit;\"><span style=\"vertical-align: inherit;\"><span style=\"vertical-align: inherit;\"><span style=\"vertical-align: inherit;\"><span style=\"vertical-align: inherit;\"><span style=\"vertical-align: inherit;\">Nuestro objetivo es hacer que nuestro trabajo significativo sea accesible al mayor n\u00famero de personas posible. <\/span><\/span><\/span><\/span><\/span><\/span><\/span><\/span><br \/><span style=\"vertical-align: inherit;\"><span style=\"vertical-align: inherit;\"><span style=\"vertical-align: inherit;\"><span style=\"vertical-align: inherit;\"><span style=\"vertical-align: inherit;\"><span style=\"vertical-align: inherit;\"><span style=\"vertical-align: inherit;\"><span style=\"vertical-align: inherit;\">Para que la falta de recursos financieros no suponga un obst\u00e1culo para las personas interesadas motivadas y comprometidas, ofrecemos un pago a plazos flexible; no dudes en ponerte en contacto con nosotros al respecto.<\/span><\/span><\/span><\/span><\/span><\/span><\/span><\/span><\/p><p>\u00a0<\/p>\t\t\t\t\t\t\t\t<\/div>\n\t\t\t\t<\/div>\n\t\t\t\t<\/div>\n\t\t<div class=\"elementor-element elementor-element-6be1fde e-flex e-con-boxed e-con e-parent\" data-id=\"6be1fde\" data-element_type=\"container\">\n\t\t\t\t\t<div class=\"e-con-inner\">\n\t\t<div class=\"elementor-element elementor-element-56a9b18 e-con-full e-flex e-con e-child\" data-id=\"56a9b18\" data-element_type=\"container\" data-settings=\"{&quot;background_background&quot;:&quot;classic&quot;}\">\n\t\t\t\t<\/div>\n\t\t<div class=\"elementor-element elementor-element-a3f0d13 e-con-full e-flex e-con e-child\" data-id=\"a3f0d13\" data-element_type=\"container\" data-settings=\"{&quot;background_background&quot;:&quot;classic&quot;}\">\n\t\t\t\t<div class=\"elementor-element elementor-element-832756e elementor-widget elementor-widget-heading\" data-id=\"832756e\" data-element_type=\"widget\" data-widget_type=\"heading.default\">\n\t\t\t\t<div class=\"elementor-widget-container\">\n\t\t\t\t\t<h4 class=\"elementor-heading-title elementor-size-default\">\u00bfC\u00f3mo puedo formar parte de la formaci\u00f3n?<\/h4>\t\t\t\t<\/div>\n\t\t\t\t<\/div>\n\t\t\t\t<div class=\"elementor-element elementor-element-4d8294d elementor-widget elementor-widget-text-editor\" data-id=\"4d8294d\" data-element_type=\"widget\" data-widget_type=\"text-editor.default\">\n\t\t\t\t<div class=\"elementor-widget-container\">\n\t\t\t\t\t\t\t\t\t<p class=\"p1\">La participaci\u00f3n en los seminarios de Inner Wisdom Academy inicia procesos intensos y transformadores que pueden provocar cambios profundos en la vida. Por lo tanto, requiere un alto grado de integridad, paciencia, dedicaci\u00f3n, confianza y humildad, as\u00ed como la voluntad de comprometerse con un trabajo interior profundo. Estas cualidades y actitudes son de importancia decisiva para valorar el propio proceso, ya que tu desarrollo energ\u00e9tico, madurez y claridad determinan en gran medida lo que transmites en tu trabajo. Solo a trav\u00e9s del crecimiento personal puedes alcanzar el nivel que te permita acompa\u00f1ar y apoyar a tus clientes, pacientes, alumnos o personas a tu cargo de la mejor manera posible.<\/p><p class=\"p1\">\u00bfTe sientes preparad@?<\/p><p class=\"p1\">Damos prioridad a aquellas solicitantes que tengan experiencia terap\u00e9utica, docente, socioeducativa o de coaching, as\u00ed como una conciencia atenta y emp\u00e1tica en el trato con las personas. Al mismo tiempo, valoramos la diversidad de trayectorias vitales y abrimos expresamente nuestro espacio tambi\u00e9n a personas que provienen de otros \u00e1mbitos. Una y otra vez, son precisamente las personas con un trasfondo poco convencional las que tienen experiencias profundas y atraviesan notables procesos de crecimiento.<\/p><p class=\"p1\">Debes haber participado en al menos 5 sesiones de Activaci\u00f3n de Energ\u00eda de cualquier modalidad (en vivo o en l\u00ednea) para comprender estos procesos profundos y el desarrollo espiritual asociado.<\/p><p class=\"p1\">Adem\u00e1s, necesitamos un formulario de solicitud que debes rellenar en l\u00ednea y que te enviaremos por correo electr\u00f3nico si lo solicitas.<\/p><p class=\"p1\">Adem\u00e1s, te ofrecemos la posibilidad de una llamada telef\u00f3nica sin compromiso para aclarar cualquier duda y comentar posibles incertidumbres. De este modo, queremos ayudarte a tomar una decisi\u00f3n clara y coherente para tu posible participaci\u00f3n en nuestra formaci\u00f3n.<\/p><p class=\"p1\">Tu seguridad y bienestar son importantes para nosotros. Por lo tanto, desaconsejamos estos seminarios a los siguientes grupos de personas:<span class=\"s1\"><br \/><\/span>\u2013 Mujeres embarazadas y mujeres que hayan sido sometidas recientemente a una ces\u00e1rea<span class=\"s1\"><br \/><\/span>\u2013 Personas con enfermedades del grupo de la epilepsia<span class=\"s1\"><br \/><\/span>\u2013 Personas con problemas card\u00edacos y enfermedades del coraz\u00f3n<span class=\"s1\"><br \/><\/span>\u2013 Personas que padecen esquizofrenia y psicosis<\/p>\t\t\t\t\t\t\t\t<\/div>\n\t\t\t\t<\/div>\n\t\t\t\t<\/div>\n\t\t\t\t\t<\/div>\n\t\t\t\t<\/div>\n\t\t<div class=\"elementor-element elementor-element-af50d8e e-flex e-con-boxed e-con e-parent\" data-id=\"af50d8e\" data-element_type=\"container\" data-settings=\"{&quot;background_background&quot;:&quot;classic&quot;}\">\n\t\t\t\t\t<div class=\"e-con-inner\">\n\t\t\t\t<div class=\"elementor-element elementor-element-abf85a5 elementor-widget elementor-widget-heading\" data-id=\"abf85a5\" data-element_type=\"widget\" data-widget_type=\"heading.default\">\n\t\t\t\t<div class=\"elementor-widget-container\">\n\t\t\t\t\t<h2 class=\"elementor-heading-title elementor-size-default\">Certificaci\u00f3n<\/h2>\t\t\t\t<\/div>\n\t\t\t\t<\/div>\n\t\t\t\t\t<\/div>\n\t\t\t\t<\/div>\n\t\t<div class=\"elementor-element elementor-element-6916b3d e-flex e-con-boxed e-con e-parent\" data-id=\"6916b3d\" data-element_type=\"container\">\n\t\t\t\t\t<div class=\"e-con-inner\">\n\t\t<div class=\"elementor-element elementor-element-885c562 e-con-full e-flex e-con e-child\" data-id=\"885c562\" data-element_type=\"container\">\n\t\t\t\t<div class=\"elementor-element elementor-element-53baf96 elementor-widget elementor-widget-heading\" data-id=\"53baf96\" data-element_type=\"widget\" data-widget_type=\"heading.default\">\n\t\t\t\t<div class=\"elementor-widget-container\">\n\t\t\t\t\t<h4 class=\"elementor-heading-title elementor-size-default\">Certificado\/a. Acompa\u00f1ado\/a. Conectado\/a.:<\/h4>\t\t\t\t<\/div>\n\t\t\t\t<\/div>\n\t\t\t\t<div class=\"elementor-element elementor-element-04e855b elementor-widget elementor-widget-text-editor\" data-id=\"04e855b\" data-element_type=\"widget\" data-widget_type=\"text-editor.default\">\n\t\t\t\t<div class=\"elementor-widget-container\">\n\t\t\t\t\t\t\t\t\t<p class=\"p1\">Como facilitador\/a formada y certificado\/a por nosotros, te beneficias de nuestra comunidad de la asociaci\u00f3n IWA, en la que ofrecemos regularmente sesiones comunitarias e intercambiamos ideas en chats de grupo. Gracias a tu certificaci\u00f3n, puedes recurrir a los recursos de las fundadoras y facilitadores con experiencia y recibir\u00e1s un apoyo afectuoso en tu desarrollo.<\/p><p class=\"p1\">Nuestro objetivo es garantizar un alto est\u00e1ndar de calidad en nuestro trabajo.\u00a0Por lo tanto, recibir\u00e1s una certificaci\u00f3n como facilitador\/a de Inner Wisdom Academy una vez que hayas completado la formaci\u00f3n.<\/p><p class=\"p1\">Con la publicaci\u00f3n de tu perfil y tus logros en nuestra\u00a0<a href=\"https:\/\/innerwisdom-academy.com\/team\/\"><span class=\"s1\">p\u00e1gina de facilitadores<\/span><\/a>, se\u00f1alas tu disposici\u00f3n a actuar de forma responsable como facilitador\/a de Inner Wisdom Academy.<\/p>\t\t\t\t\t\t\t\t<\/div>\n\t\t\t\t<\/div>\n\t\t\t\t<\/div>\n\t\t<div class=\"elementor-element elementor-element-412faa2 e-con-full e-flex e-con e-child\" data-id=\"412faa2\" data-element_type=\"container\">\n\t\t\t\t<div class=\"elementor-element elementor-element-5c63ca3 elementor-widget elementor-widget-heading\" data-id=\"5c63ca3\" data-element_type=\"widget\" data-widget_type=\"heading.default\">\n\t\t\t\t<div class=\"elementor-widget-container\">\n\t\t\t\t\t<h4 class=\"elementor-heading-title elementor-size-default\">Certificaci\u00f3n. Acompa\u00f1amiento. Conexi\u00f3n.<\/h4>\t\t\t\t<\/div>\n\t\t\t\t<\/div>\n\t\t\t\t<div class=\"elementor-element elementor-element-3c36064 elementor-widget elementor-widget-text-editor\" data-id=\"3c36064\" data-element_type=\"widget\" data-widget_type=\"text-editor.default\">\n\t\t\t\t<div class=\"elementor-widget-container\">\n\t\t\t\t\t\t\t\t\t<p class=\"p1\"><b>Un\/a facilitador\/a de IWA ha desarrollado e interiorizado las siguientes cualidades para apoyar tanto el propio desarrollo individual como el de sus clientes o personas a su cargo:<\/b><b><\/b><\/p><ul><li style=\"list-style-type: none;\"><ul class=\"ul1\"><li class=\"li2\">Tus intenciones son puras y tu coraz\u00f3n est\u00e1 lleno de bondad.<\/li><li class=\"li2\">Superas los retos de tu vida con una mezcla equilibrada de amor, sabidur\u00eda y un juicio claro.<\/li><li class=\"li2\">Conf\u00edas en tu profunda intuici\u00f3n y te dejas guiar por ella.<\/li><li class=\"li2\">Est\u00e1s dispuesto\/a a explorar e integrar nuevas perspectivas.<\/li><li class=\"li2\">Te comprometes a trabajar continuamente en tu crecimiento interior para ense\u00f1ar a partir de tus propias experiencias y preservar tu pureza interior.<\/li><\/ul><\/li><\/ul>\t\t\t\t\t\t\t\t<\/div>\n\t\t\t\t<\/div>\n\t\t\t\t<\/div>\n\t\t\t\t\t<\/div>\n\t\t\t\t<\/div>\n\t\t\t\t<\/div>\n\t\t","protected":false},"excerpt":{"rendered":"<p>Nuestra oferta Formaci\u00f3n de Facilitadores de Inner Wisdom Academy \u00bfQu\u00e9 te espera en el seminario b\u00e1sico? Este seminario permite una profunda transformaci\u00f3n personal y te lleva a ser una persona equilibrada y aut\u00e9ntica. Obtendr\u00e1s acceso a tu sabidur\u00eda curativa interna m\u00e1s profunda y aprender\u00e1s a actuar con el coraz\u00f3n y la intuici\u00f3n. Fomenta la alineaci\u00f3n [&hellip;]<\/p>\n","protected":false},"author":1,"featured_media":0,"parent":0,"menu_order":0,"comment_status":"closed","ping_status":"closed","template":"","meta":{"footnotes":""},"class_list":["post-8579","page","type-page","status-publish","hentry"],"yoast_head":"<!-- This site is optimized with the Yoast SEO plugin v27.0 - https:\/\/yoast.com\/product\/yoast-seo-wordpress\/ -->\n<title>Formaci\u00f3n - Inner Wisdom Academy<\/title>\n<meta name=\"description\" content=\"Una formaci\u00f3n para la transformaci\u00f3n personal en la que aprendes una variedad de t\u00e9cnicas. Un concepto de formaci\u00f3n \u00fanico.\" \/>\n<meta name=\"robots\" content=\"index, follow, max-snippet:-1, max-image-preview:large, max-video-preview:-1\" \/>\n<link rel=\"canonical\" href=\"https:\/\/innerwisdom-academy.com\/es\/formacion\/\" \/>\n<meta property=\"og:locale\" content=\"es_ES\" \/>\n<meta property=\"og:type\" content=\"article\" \/>\n<meta property=\"og:title\" content=\"Formaci\u00f3n - Inner Wisdom Academy\" \/>\n<meta property=\"og:description\" content=\"Una formaci\u00f3n para la transformaci\u00f3n personal en la que aprendes una variedad de t\u00e9cnicas. Un concepto de formaci\u00f3n \u00fanico.\" \/>\n<meta property=\"og:url\" content=\"https:\/\/innerwisdom-academy.com\/es\/formacion\/\" \/>\n<meta property=\"og:site_name\" content=\"Inner Wisdom Academy\" \/>\n<meta property=\"article:modified_time\" content=\"2026-01-15T15:52:28+00:00\" \/>\n<meta name=\"twitter:card\" content=\"summary_large_image\" \/>\n<meta name=\"twitter:label1\" content=\"Tiempo de lectura\" \/>\n\t<meta name=\"twitter:data1\" content=\"8 minutos\" \/>\n<script type=\"application\/ld+json\" class=\"yoast-schema-graph\">{\"@context\":\"https:\/\/schema.org\",\"@graph\":[{\"@type\":\"WebPage\",\"@id\":\"https:\/\/innerwisdom-academy.com\/es\/formacion\/\",\"url\":\"https:\/\/innerwisdom-academy.com\/es\/formacion\/\",\"name\":\"Formaci\u00f3n - Inner Wisdom Academy\",\"isPartOf\":{\"@id\":\"https:\/\/innerwisdom-academy.com\/es\/#website\"},\"datePublished\":\"2024-09-20T12:45:24+00:00\",\"dateModified\":\"2026-01-15T15:52:28+00:00\",\"description\":\"Una formaci\u00f3n para la transformaci\u00f3n personal en la que aprendes una variedad de t\u00e9cnicas. Un concepto de formaci\u00f3n \u00fanico.\",\"breadcrumb\":{\"@id\":\"https:\/\/innerwisdom-academy.com\/es\/formacion\/#breadcrumb\"},\"inLanguage\":\"es\",\"potentialAction\":[{\"@type\":\"ReadAction\",\"target\":[\"https:\/\/innerwisdom-academy.com\/es\/formacion\/\"]}]},{\"@type\":\"BreadcrumbList\",\"@id\":\"https:\/\/innerwisdom-academy.com\/es\/formacion\/#breadcrumb\",\"itemListElement\":[{\"@type\":\"ListItem\",\"position\":1,\"name\":\"Startseite\",\"item\":\"https:\/\/innerwisdom-academy.com\/es\/\"},{\"@type\":\"ListItem\",\"position\":2,\"name\":\"Formaci\u00f3n\"}]},{\"@type\":\"WebSite\",\"@id\":\"https:\/\/innerwisdom-academy.com\/es\/#website\",\"url\":\"https:\/\/innerwisdom-academy.com\/es\/\",\"name\":\"Inner Wisdom Academy\",\"description\":\"\",\"potentialAction\":[{\"@type\":\"SearchAction\",\"target\":{\"@type\":\"EntryPoint\",\"urlTemplate\":\"https:\/\/innerwisdom-academy.com\/es\/?s={search_term_string}\"},\"query-input\":{\"@type\":\"PropertyValueSpecification\",\"valueRequired\":true,\"valueName\":\"search_term_string\"}}],\"inLanguage\":\"es\"}]}<\/script>\n<!-- \/ Yoast SEO plugin. -->","yoast_head_json":{"title":"Formaci\u00f3n - Inner Wisdom Academy","description":"Una formaci\u00f3n para la transformaci\u00f3n personal en la que aprendes una variedad de t\u00e9cnicas. Un concepto de formaci\u00f3n \u00fanico.","robots":{"index":"index","follow":"follow","max-snippet":"max-snippet:-1","max-image-preview":"max-image-preview:large","max-video-preview":"max-video-preview:-1"},"canonical":"https:\/\/innerwisdom-academy.com\/es\/formacion\/","og_locale":"es_ES","og_type":"article","og_title":"Formaci\u00f3n - Inner Wisdom Academy","og_description":"Una formaci\u00f3n para la transformaci\u00f3n personal en la que aprendes una variedad de t\u00e9cnicas. Un concepto de formaci\u00f3n \u00fanico.","og_url":"https:\/\/innerwisdom-academy.com\/es\/formacion\/","og_site_name":"Inner Wisdom Academy","article_modified_time":"2026-01-15T15:52:28+00:00","twitter_card":"summary_large_image","twitter_misc":{"Tiempo de lectura":"8 minutos"},"schema":{"@context":"https:\/\/schema.org","@graph":[{"@type":"WebPage","@id":"https:\/\/innerwisdom-academy.com\/es\/formacion\/","url":"https:\/\/innerwisdom-academy.com\/es\/formacion\/","name":"Formaci\u00f3n - Inner Wisdom Academy","isPartOf":{"@id":"https:\/\/innerwisdom-academy.com\/es\/#website"},"datePublished":"2024-09-20T12:45:24+00:00","dateModified":"2026-01-15T15:52:28+00:00","description":"Una formaci\u00f3n para la transformaci\u00f3n personal en la que aprendes una variedad de t\u00e9cnicas. Un concepto de formaci\u00f3n \u00fanico.","breadcrumb":{"@id":"https:\/\/innerwisdom-academy.com\/es\/formacion\/#breadcrumb"},"inLanguage":"es","potentialAction":[{"@type":"ReadAction","target":["https:\/\/innerwisdom-academy.com\/es\/formacion\/"]}]},{"@type":"BreadcrumbList","@id":"https:\/\/innerwisdom-academy.com\/es\/formacion\/#breadcrumb","itemListElement":[{"@type":"ListItem","position":1,"name":"Startseite","item":"https:\/\/innerwisdom-academy.com\/es\/"},{"@type":"ListItem","position":2,"name":"Formaci\u00f3n"}]},{"@type":"WebSite","@id":"https:\/\/innerwisdom-academy.com\/es\/#website","url":"https:\/\/innerwisdom-academy.com\/es\/","name":"Inner Wisdom Academy","description":"","potentialAction":[{"@type":"SearchAction","target":{"@type":"EntryPoint","urlTemplate":"https:\/\/innerwisdom-academy.com\/es\/?s={search_term_string}"},"query-input":{"@type":"PropertyValueSpecification","valueRequired":true,"valueName":"search_term_string"}}],"inLanguage":"es"}]}},"rttpg_featured_image_url":null,"rttpg_author":{"display_name":"uday.jbbn@gmail.com","author_link":"https:\/\/innerwisdom-academy.com\/es\/author\/uday-jbbngmail-com\/"},"rttpg_comment":0,"rttpg_category":" <a href=\"https:\/\/innerwisdom-academy.com\/es\/?taxonomy=translation_priority&#038;term=opcional\" rel=\"tag\">Opcional<\/a>","rttpg_excerpt":"Nuestra oferta Formaci\u00f3n de Facilitadores de Inner Wisdom Academy \u00bfQu\u00e9 te espera en el seminario b\u00e1sico? Este seminario permite una profunda transformaci\u00f3n personal y te lleva a ser una persona equilibrada y aut\u00e9ntica. Obtendr\u00e1s acceso a tu sabidur\u00eda curativa interna m\u00e1s profunda y aprender\u00e1s a actuar con el coraz\u00f3n y la intuici\u00f3n. Fomenta la alineaci\u00f3n&hellip;","_links":{"self":[{"href":"https:\/\/innerwisdom-academy.com\/es\/wp-json\/wp\/v2\/pages\/8579","targetHints":{"allow":["GET"]}}],"collection":[{"href":"https:\/\/innerwisdom-academy.com\/es\/wp-json\/wp\/v2\/pages"}],"about":[{"href":"https:\/\/innerwisdom-academy.com\/es\/wp-json\/wp\/v2\/types\/page"}],"author":[{"embeddable":true,"href":"https:\/\/innerwisdom-academy.com\/es\/wp-json\/wp\/v2\/users\/1"}],"replies":[{"embeddable":true,"href":"https:\/\/innerwisdom-academy.com\/es\/wp-json\/wp\/v2\/comments?post=8579"}],"version-history":[{"count":25,"href":"https:\/\/innerwisdom-academy.com\/es\/wp-json\/wp\/v2\/pages\/8579\/revisions"}],"predecessor-version":[{"id":9394,"href":"https:\/\/innerwisdom-academy.com\/es\/wp-json\/wp\/v2\/pages\/8579\/revisions\/9394"}],"wp:attachment":[{"href":"https:\/\/innerwisdom-academy.com\/es\/wp-json\/wp\/v2\/media?parent=8579"}],"curies":[{"name":"wp","href":"https:\/\/api.w.org\/{rel}","templated":true}]}}